{"id":120,"date":"2025-07-30T22:45:31","date_gmt":"2025-07-30T20:45:31","guid":{"rendered":"https:\/\/www.rcaaq.ca\/accueil\/"},"modified":"2025-11-06T16:39:26","modified_gmt":"2025-11-06T15:39:26","slug":"accueil","status":"publish","type":"page","link":"https:\/\/www.rcaaq.ca\/en\/","title":{"rendered":"Home"},"content":{"rendered":"\t<div class=\"item item--medium component-block-double-image\" >\n\t\t<div class=\"container\">\n\t\t\t<div class=\"block-double-image\">\n\t\t\t\t\t\t\t\t\t<h2 class=\"block-double-image__title h3\">Specific support for the urban Indigenous presence <\/h2>\n\t\t\t\t\n\t\t\t\t<div class=\"block-double-image__content\">\n\t\t\t\t\t<div class=\"block-double-image__first-image block-double-image__first-image__container\">\n\t\t\t\t\t\t<img loading=\"lazy\" decoding=\"async\" width=\"608\" height=\"760\" src=\"https:\/\/www.rcaaq.ca\/wp-content\/uploads\/2025\/10\/Regalia_culture_identite_danse_traditionnelle-608x760.jpg\" class=\"attachment-double_img_first_image size-double_img_first_image\" alt=\"Danse traditionnelle autochtone lors d\u2019un pow wow, avec tenue color\u00e9e orn\u00e9e de perles et plumes\" srcset=\"https:\/\/www.rcaaq.ca\/wp-content\/uploads\/2025\/10\/Regalia_culture_identite_danse_traditionnelle-608x760.jpg 608w, https:\/\/www.rcaaq.ca\/wp-content\/uploads\/2025\/10\/Regalia_culture_identite_danse_traditionnelle-240x300.jpg 240w, https:\/\/www.rcaaq.ca\/wp-content\/uploads\/2025\/10\/Regalia_culture_identite_danse_traditionnelle-819x1024.jpg 819w, https:\/\/www.rcaaq.ca\/wp-content\/uploads\/2025\/10\/Regalia_culture_identite_danse_traditionnelle-768x960.jpg 768w, https:\/\/www.rcaaq.ca\/wp-content\/uploads\/2025\/10\/Regalia_culture_identite_danse_traditionnelle-1228x1536.jpg 1228w, https:\/\/www.rcaaq.ca\/wp-content\/uploads\/2025\/10\/Regalia_culture_identite_danse_traditionnelle-1638x2048.jpg 1638w, https:\/\/www.rcaaq.ca\/wp-content\/uploads\/2025\/10\/Regalia_culture_identite_danse_traditionnelle-1400x1751.jpg 1400w, https:\/\/www.rcaaq.ca\/wp-content\/uploads\/2025\/10\/Regalia_culture_identite_danse_traditionnelle-800x1000.jpg 800w, https:\/\/www.rcaaq.ca\/wp-content\/uploads\/2025\/10\/Regalia_culture_identite_danse_traditionnelle-179x224.jpg 179w, https:\/\/www.rcaaq.ca\/wp-content\/uploads\/2025\/10\/Regalia_culture_identite_danse_traditionnelle-230x288.jpg 230w, https:\/\/www.rcaaq.ca\/wp-content\/uploads\/2025\/10\/Regalia_culture_identite_danse_traditionnelle-550x688.jpg 550w, https:\/\/www.rcaaq.ca\/wp-content\/uploads\/2025\/10\/Regalia_culture_identite_danse_traditionnelle-307x384.jpg 307w, https:\/\/www.rcaaq.ca\/wp-content\/uploads\/2025\/10\/Regalia_culture_identite_danse_traditionnelle-488x610.jpg 488w, https:\/\/www.rcaaq.ca\/wp-content\/uploads\/2025\/10\/Regalia_culture_identite_danse_traditionnelle-242x303.jpg 242w, https:\/\/www.rcaaq.ca\/wp-content\/uploads\/2025\/10\/Regalia_culture_identite_danse_traditionnelle-248x310.jpg 248w, https:\/\/www.rcaaq.ca\/wp-content\/uploads\/2025\/10\/Regalia_culture_identite_danse_traditionnelle-1000x1251.jpg 1000w, https:\/\/www.rcaaq.ca\/wp-content\/uploads\/2025\/10\/Regalia_culture_identite_danse_traditionnelle-scaled.jpg 2047w\" sizes=\"auto, (max-width: 608px) 100vw, 608px\" \/>\n\t\t\t\t\t<\/div>\n\t\t\t\t\t<div class=\"wysiwyg block-double-image__description\">\n\t\t\t\t\t\t<p>Today, a majority of Indigenous people live in urban areas. That\u2019s why the Quebec Native Friendship Centre Movement provides contextually adapted services rooted in the cultural and social realities of the First Peoples.<\/p>\n<p>We promote cultures, encourage dialogue between peoples and help shape public policy to reflect urban Indigenous lived experience.<\/p>\n\n\t\t\t\t\t<\/div>\n\t\t\t\t\t<div class=\"block-double-image__second-image\">\n\t\t\t\t\t\t<img loading=\"lazy\" decoding=\"async\" width=\"915\" height=\"610\" src=\"https:\/\/www.rcaaq.ca\/wp-content\/uploads\/2025\/10\/Chant-inuit-traditionnel-mere-fille-915x610.jpg\" class=\"attachment-double_img_second_image size-double_img_second_image\" alt=\"Deux personnes interpr\u00e9tant un chant de gorge inuit sur sc\u00e8ne avec des microphones lors d\u2019un \u00e9v\u00e9nement culturel\" srcset=\"https:\/\/www.rcaaq.ca\/wp-content\/uploads\/2025\/10\/Chant-inuit-traditionnel-mere-fille-915x610.jpg 915w, https:\/\/www.rcaaq.ca\/wp-content\/uploads\/2025\/10\/Chant-inuit-traditionnel-mere-fille-300x200.jpg 300w, https:\/\/www.rcaaq.ca\/wp-content\/uploads\/2025\/10\/Chant-inuit-traditionnel-mere-fille-1024x683.jpg 1024w, https:\/\/www.rcaaq.ca\/wp-content\/uploads\/2025\/10\/Chant-inuit-traditionnel-mere-fille-768x512.jpg 768w, https:\/\/www.rcaaq.ca\/wp-content\/uploads\/2025\/10\/Chant-inuit-traditionnel-mere-fille-1536x1024.jpg 1536w, https:\/\/www.rcaaq.ca\/wp-content\/uploads\/2025\/10\/Chant-inuit-traditionnel-mere-fille-1400x933.jpg 1400w, https:\/\/www.rcaaq.ca\/wp-content\/uploads\/2025\/10\/Chant-inuit-traditionnel-mere-fille-800x533.jpg 800w, https:\/\/www.rcaaq.ca\/wp-content\/uploads\/2025\/10\/Chant-inuit-traditionnel-mere-fille-224x149.jpg 224w, https:\/\/www.rcaaq.ca\/wp-content\/uploads\/2025\/10\/Chant-inuit-traditionnel-mere-fille-432x288.jpg 432w, https:\/\/www.rcaaq.ca\/wp-content\/uploads\/2025\/10\/Chant-inuit-traditionnel-mere-fille-1032x688.jpg 1032w, https:\/\/www.rcaaq.ca\/wp-content\/uploads\/2025\/10\/Chant-inuit-traditionnel-mere-fille-384x256.jpg 384w, https:\/\/www.rcaaq.ca\/wp-content\/uploads\/2025\/10\/Chant-inuit-traditionnel-mere-fille-608x405.jpg 608w, https:\/\/www.rcaaq.ca\/wp-content\/uploads\/2025\/10\/Chant-inuit-traditionnel-mere-fille-242x161.jpg 242w, https:\/\/www.rcaaq.ca\/wp-content\/uploads\/2025\/10\/Chant-inuit-traditionnel-mere-fille-465x310.jpg 465w, https:\/\/www.rcaaq.ca\/wp-content\/uploads\/2025\/10\/Chant-inuit-traditionnel-mere-fille-1000x667.jpg 1000w, https:\/\/www.rcaaq.ca\/wp-content\/uploads\/2025\/10\/Chant-inuit-traditionnel-mere-fille.jpg 2048w\" sizes=\"auto, (max-width: 915px) 100vw, 915px\" \/>\n\t\t\t\t\t<\/div>\n\t\t\t\t<\/div>\n\t\t\t<\/div>\n\t\t<\/div>\n\n\t\t<div class=\"block-double-image__mobile\">\n\t\t\t<div class=\"block-double-image__first-image__mobile\">\n\t\t\t\t<img loading=\"lazy\" decoding=\"async\" width=\"242\" height=\"303\" src=\"https:\/\/www.rcaaq.ca\/wp-content\/uploads\/2025\/10\/Regalia_culture_identite_danse_traditionnelle-242x303.jpg\" class=\"attachment-double_img_first_image_mobile size-double_img_first_image_mobile\" alt=\"Danse traditionnelle autochtone lors d\u2019un pow wow, avec tenue color\u00e9e orn\u00e9e de perles et plumes\" srcset=\"https:\/\/www.rcaaq.ca\/wp-content\/uploads\/2025\/10\/Regalia_culture_identite_danse_traditionnelle-242x303.jpg 242w, https:\/\/www.rcaaq.ca\/wp-content\/uploads\/2025\/10\/Regalia_culture_identite_danse_traditionnelle-240x300.jpg 240w, https:\/\/www.rcaaq.ca\/wp-content\/uploads\/2025\/10\/Regalia_culture_identite_danse_traditionnelle-819x1024.jpg 819w, https:\/\/www.rcaaq.ca\/wp-content\/uploads\/2025\/10\/Regalia_culture_identite_danse_traditionnelle-768x960.jpg 768w, https:\/\/www.rcaaq.ca\/wp-content\/uploads\/2025\/10\/Regalia_culture_identite_danse_traditionnelle-1228x1536.jpg 1228w, https:\/\/www.rcaaq.ca\/wp-content\/uploads\/2025\/10\/Regalia_culture_identite_danse_traditionnelle-1638x2048.jpg 1638w, https:\/\/www.rcaaq.ca\/wp-content\/uploads\/2025\/10\/Regalia_culture_identite_danse_traditionnelle-1400x1751.jpg 1400w, https:\/\/www.rcaaq.ca\/wp-content\/uploads\/2025\/10\/Regalia_culture_identite_danse_traditionnelle-800x1000.jpg 800w, https:\/\/www.rcaaq.ca\/wp-content\/uploads\/2025\/10\/Regalia_culture_identite_danse_traditionnelle-179x224.jpg 179w, https:\/\/www.rcaaq.ca\/wp-content\/uploads\/2025\/10\/Regalia_culture_identite_danse_traditionnelle-230x288.jpg 230w, https:\/\/www.rcaaq.ca\/wp-content\/uploads\/2025\/10\/Regalia_culture_identite_danse_traditionnelle-550x688.jpg 550w, https:\/\/www.rcaaq.ca\/wp-content\/uploads\/2025\/10\/Regalia_culture_identite_danse_traditionnelle-307x384.jpg 307w, https:\/\/www.rcaaq.ca\/wp-content\/uploads\/2025\/10\/Regalia_culture_identite_danse_traditionnelle-608x760.jpg 608w, https:\/\/www.rcaaq.ca\/wp-content\/uploads\/2025\/10\/Regalia_culture_identite_danse_traditionnelle-488x610.jpg 488w, https:\/\/www.rcaaq.ca\/wp-content\/uploads\/2025\/10\/Regalia_culture_identite_danse_traditionnelle-248x310.jpg 248w, https:\/\/www.rcaaq.ca\/wp-content\/uploads\/2025\/10\/Regalia_culture_identite_danse_traditionnelle-1000x1251.jpg 1000w, https:\/\/www.rcaaq.ca\/wp-content\/uploads\/2025\/10\/Regalia_culture_identite_danse_traditionnelle-scaled.jpg 2047w\" sizes=\"auto, (max-width: 242px) 100vw, 242px\" \/>\n\t\t\t<\/div>\n\t\t\t<div class=\"block-double-image__second-image__mobile\">\n\t\t\t\t<img loading=\"lazy\" decoding=\"async\" width=\"465\" height=\"310\" src=\"https:\/\/www.rcaaq.ca\/wp-content\/uploads\/2025\/10\/Chant-inuit-traditionnel-mere-fille-465x310.jpg\" class=\"attachment-double_img_second_image_mobile size-double_img_second_image_mobile\" alt=\"Deux personnes interpr\u00e9tant un chant de gorge inuit sur sc\u00e8ne avec des microphones lors d\u2019un \u00e9v\u00e9nement culturel\" srcset=\"https:\/\/www.rcaaq.ca\/wp-content\/uploads\/2025\/10\/Chant-inuit-traditionnel-mere-fille-465x310.jpg 465w, https:\/\/www.rcaaq.ca\/wp-content\/uploads\/2025\/10\/Chant-inuit-traditionnel-mere-fille-300x200.jpg 300w, https:\/\/www.rcaaq.ca\/wp-content\/uploads\/2025\/10\/Chant-inuit-traditionnel-mere-fille-1024x683.jpg 1024w, https:\/\/www.rcaaq.ca\/wp-content\/uploads\/2025\/10\/Chant-inuit-traditionnel-mere-fille-768x512.jpg 768w, https:\/\/www.rcaaq.ca\/wp-content\/uploads\/2025\/10\/Chant-inuit-traditionnel-mere-fille-1536x1024.jpg 1536w, https:\/\/www.rcaaq.ca\/wp-content\/uploads\/2025\/10\/Chant-inuit-traditionnel-mere-fille-1400x933.jpg 1400w, https:\/\/www.rcaaq.ca\/wp-content\/uploads\/2025\/10\/Chant-inuit-traditionnel-mere-fille-800x533.jpg 800w, https:\/\/www.rcaaq.ca\/wp-content\/uploads\/2025\/10\/Chant-inuit-traditionnel-mere-fille-224x149.jpg 224w, https:\/\/www.rcaaq.ca\/wp-content\/uploads\/2025\/10\/Chant-inuit-traditionnel-mere-fille-432x288.jpg 432w, https:\/\/www.rcaaq.ca\/wp-content\/uploads\/2025\/10\/Chant-inuit-traditionnel-mere-fille-1032x688.jpg 1032w, https:\/\/www.rcaaq.ca\/wp-content\/uploads\/2025\/10\/Chant-inuit-traditionnel-mere-fille-384x256.jpg 384w, https:\/\/www.rcaaq.ca\/wp-content\/uploads\/2025\/10\/Chant-inuit-traditionnel-mere-fille-608x405.jpg 608w, https:\/\/www.rcaaq.ca\/wp-content\/uploads\/2025\/10\/Chant-inuit-traditionnel-mere-fille-915x610.jpg 915w, https:\/\/www.rcaaq.ca\/wp-content\/uploads\/2025\/10\/Chant-inuit-traditionnel-mere-fille-242x161.jpg 242w, https:\/\/www.rcaaq.ca\/wp-content\/uploads\/2025\/10\/Chant-inuit-traditionnel-mere-fille-1000x667.jpg 1000w, https:\/\/www.rcaaq.ca\/wp-content\/uploads\/2025\/10\/Chant-inuit-traditionnel-mere-fille.jpg 2048w\" sizes=\"auto, (max-width: 465px) 100vw, 465px\" \/>\n\t\t\t<\/div>\n\t\t<\/div>\n\t<\/div>\n\n\n\t<div class=\"component-block-spacer\" >\n\t\t<div class=\"block-spacer\"><\/div>\n\t<\/div>\n\n\n\t<div class=\"item item--medium component-news\" >\n\t\t<div class=\"container\">\n\t\t\t<div class=\"block-news\">\n\t\t\t\t<div class=\"block-news__top\">\n\t\t\t\t\t<h2 class=\"h2\">Latest News<\/h2>\n\t\t\t\t\t\t\t\t\t\t\t<div class=\"block-news__info\">\n\t\t\t\t\t\t\t\t\t\t\t\t\t\t\t<p class=\"block-news__description\">Stay up to date and see how, together, we\u2019re making a difference.<\/p>\n\t\t\t\t\t\t\t\t\t\t\t\t\t\t\t\t\t\t\t\t\t\t\n\t\t\t\t\t\t\t\t<a href=\"https:\/\/www.rcaaq.ca\/en\/our-publications\/\/?types%5B%5D=nouvelles#form-news\" class=\"button button--secondary\">\n\t\t\t\t\t\t\t\t\tView all news\n\t\t\t\t\t\t\t\t\t<svg width=\"24\" height=\"24\">\n\t\t\t\t\t\t\t\t\t\t<use xlink:href=\"#ico-arrow-right\"\/>\n\t\t\t\t\t\t\t\t\t<\/svg>\n\t\t\t\t\t\t\t\t<\/a>\n\t\t\t\t\t\t\t\t\t\t\t\t\t<\/div>\n\t\t\t\t\t\t\t\t\t<\/div>\n\n\t\t\t\t\t\t\t\t\t<ul class=\"block-news__list\">\t\t\t\t\n\t\t\t\t\t\t\t\t\t\t\t\t\t\t\t\t\t\t\t\t\n\n\n\n<div class=\"card-news\">\n  <div class=\"card-news__image\">\n    <img decoding=\"async\" src=\"https:\/\/www.rcaaq.ca\/wp-content\/uploads\/2026\/04\/CAAL_Campagne-Mamo-e1776264946706.jpg\" alt=\"\">\n  <\/div>\n  <div class=\"card-news__content\">\n    <div class=\"card-news__top\">\n      <ul class=\"card-news__tags\">\n                  <li class=\"tag\">Nouvelles<\/li>\n                  <li class=\"tag\">Communiqu\u00e9<\/li>\n                          <li class=\"tag\">Centres d&#8217;amiti\u00e9<\/li>\n              <\/ul>\n\n              <p class=\"card-news__date\">\n                      On April 15, 2026\n                  <\/p>\n      \n      <h2 class=\"card-news__title\">The Centre d&#8217;amiti\u00e9 autochtone de Lanaudi\u00e8re concludes its fundraising campaign with $4.6 million<\/h2>\n      <p class=\"card-news__description\">The Centre d\u2019amiti\u00e9 autochtone de Lanaudi\u00e8re is pleased to announce that its major fundraising campaign, Mamo Maniketan (Let\u2019s build together), has come to a successful conclusion, raising more than $4.6 million for the construction of its new centre.<\/p>\n    <\/div>\n    <div class=\"card-news__bottom\">\n      <a href=\"https:\/\/www.rcaaq.ca\/en\/article\/the-centre-damitie-autochtone-de-lanaudiere-concludes-its-fundraising-campaign-with-4-6-million\/\" class=\"button button--secondary\">\n        Read the article\n        <svg width=\"24\" height=\"24\">\n          <use xlink:href=\"#ico-arrow-right\"\/>\n        <\/svg>\n      <\/a>\n    <\/div>\n  <\/div>\n<\/div>\t\t\t\t\t\t\t\t\t\t\t<\/ul>\n\t\t\t\t\t\t\t<\/div>\n\t\t<\/div>\n\t<\/div>\n\n\n\t<div class=\"component-block-spacer\" >\n\t\t<div class=\"block-spacer is-reversed\"><\/div>\n\t<\/div>\n\n\n\t<div class=\"item item--small component-reversible-promo component-reversible-promo--bg-green\" >\n\t\t<div class=\"container\">\n\t\t\t<div class=\"block-reversible-promo\">\n\t\t\t\t<div class=\"block-reversible-promo__content\">\n\t\t\t\t\t<div class=\"wysiwyg block-reversible-promo__text\">\n\t\t\t\t\t\t<h3>The Observatory of Urban Indigenous Realities<\/h3>\n<p>Our Observatory focuses on urban Indigeneity. Its mission is to gather, understand and share knowledge related to urban Indigenous issues, focusing its actions on using First Nations and Inuit knowledge and expertise for the benefit of society as a whole.<\/p>\n\n\t\t\t\t\t<\/div>\n\t\t\t\t\t\t\t\t\t\t\t<div class=\"block-reversible-promo__buttons\">\n\t\t\t\t\t\t\t\t\t\t\t\t\t\t\t<a href=\"https:\/\/www.rcaaq.ca\/en\/observatory\/\" class=\"button button--secondary\">\n\t\t\t\t\t\t\t\t\tLearn about the Observatory\n\t\t\t\t\t\t\t\t\t<svg width=\"24\" height=\"24\">\n\t\t\t\t\t\t\t\t\t\t<use xlink:href=\"#ico-arrow-right\"\/>\n\t\t\t\t\t\t\t\t\t<\/svg>\n\t\t\t\t\t\t\t\t<\/a>\n\t\t\t\t\t\t\t\t\t\t\t\t\t<\/div>\n\t\t\t\t\t\t\t\t\t<\/div>\n\t\t\t\t<div class=\"block-reversible-promo__img\">\n\t\t\t\t\t<img decoding=\"async\" src=\"https:\/\/www.rcaaq.ca\/wp-content\/uploads\/2025\/09\/Structure_Tipi_Autochtone_Raquette.jpg\" alt=\"Installation en bois dans un cadre forestier, r\u00e9alis\u00e9e lors d\u2019un rassemblement jeunesse organis\u00e9 par le RCAAQ.\">\n\t\t\t\t<\/div>\n\t\t\t<\/div>\n\t\t<\/div>\n\t<\/div>\n\n\n\t<div class=\"item item--small component-reversible-promo component-reversible-promo--reverse\" >\n\t\t<div class=\"container\">\n\t\t\t<div class=\"block-reversible-promo\">\n\t\t\t\t<div class=\"block-reversible-promo__content\">\n\t\t\t\t\t<div class=\"wysiwyg block-reversible-promo__text\">\n\t\t\t\t\t\t<h4 class=\"skrollable skrollable-before\" data-top=\"transform: translateY(0px); opacity: 1;\" data--200-top=\"transform: translateY(-50px;); opacity: 0.2;\">First Nations Child and Family Services and Jordan\u2019s Principle Settlement<\/h4>\n<p>This agreement is intended to compensate those harmed by discriminatory underfunding of the First Nations Child and Family Services program and those impacted by the federal government\u2019s narrow interpretation of Jordan\u2019s Principle.<\/p>\n\n\t\t\t\t\t<\/div>\n\t\t\t\t\t\t\t\t\t\t\t<div class=\"block-reversible-promo__buttons\">\n\t\t\t\t\t\t\t\t\t\t\t\t\t\t\t<a href=\"https:\/\/www.rcaaq.ca\/en\/first-nations-child-and-family-services-and-jordans-principle-settlement\/\" class=\"button button--secondary\">\n\t\t\t\t\t\t\t\t\tLearn more\n\t\t\t\t\t\t\t\t\t<svg width=\"24\" height=\"24\">\n\t\t\t\t\t\t\t\t\t\t<use xlink:href=\"#ico-arrow-right\"\/>\n\t\t\t\t\t\t\t\t\t<\/svg>\n\t\t\t\t\t\t\t\t<\/a>\n\t\t\t\t\t\t\t\t\t\t\t\t\t<\/div>\n\t\t\t\t\t\t\t\t\t<\/div>\n\t\t\t\t<div class=\"block-reversible-promo__img\">\n\t\t\t\t\t<img decoding=\"async\" src=\"https:\/\/www.rcaaq.ca\/wp-content\/uploads\/2025\/10\/Nature_tipi_autochtone_Territoire.jpg\" alt=\"Tipi traditionnel au bord d\u2019un lac entour\u00e9 de for\u00eat bor\u00e9ale, symbole de culture autochtone au Qu\u00e9bec\">\n\t\t\t\t<\/div>\n\t\t\t<\/div>\n\t\t<\/div>\n\t<\/div>\n","protected":false},"excerpt":{"rendered":"","protected":false},"author":1,"featured_media":0,"parent":0,"menu_order":0,"comment_status":"closed","ping_status":"closed","template":"","meta":{"_acf_changed":false,"footnotes":""},"class_list":["post-120","page","type-page","status-publish","hentry"],"acf":[],"yoast_head":"<!-- This site is optimized with the Yoast SEO plugin v25.6 - https:\/\/yoast.com\/wordpress\/plugins\/seo\/ -->\n<title>Home - rcaaq<\/title>\n<meta name=\"robots\" content=\"index, follow, max-snippet:-1, max-image-preview:large, max-video-preview:-1\" \/>\n<link rel=\"canonical\" href=\"https:\/\/www.rcaaq.ca\/en\/\" \/>\n<meta property=\"og:locale\" content=\"en_US\" \/>\n<meta property=\"og:type\" content=\"article\" \/>\n<meta property=\"og:title\" content=\"Home - rcaaq\" \/>\n<meta property=\"og:url\" content=\"https:\/\/www.rcaaq.ca\/en\/\" \/>\n<meta property=\"og:site_name\" content=\"rcaaq\" \/>\n<meta property=\"article:modified_time\" content=\"2025-11-06T15:39:26+00:00\" \/>\n<meta property=\"og:image\" content=\"https:\/\/www.rcaaq.ca\/wp-content\/uploads\/2025\/09\/Image_OG_1200x675.png\" \/>\n\t<meta property=\"og:image:width\" content=\"1200\" \/>\n\t<meta property=\"og:image:height\" content=\"675\" \/>\n\t<meta property=\"og:image:type\" content=\"image\/png\" \/>\n<meta name=\"twitter:card\" content=\"summary_large_image\" \/>\n<script type=\"application\/ld+json\" class=\"yoast-schema-graph\">{\"@context\":\"https:\/\/schema.org\",\"@graph\":[{\"@type\":\"WebPage\",\"@id\":\"https:\/\/www.rcaaq.ca\/en\/\",\"url\":\"https:\/\/www.rcaaq.ca\/en\/\",\"name\":\"Home - rcaaq\",\"isPartOf\":{\"@id\":\"https:\/\/www.rcaaq.ca\/en\/#website\"},\"datePublished\":\"2025-07-30T20:45:31+00:00\",\"dateModified\":\"2025-11-06T15:39:26+00:00\",\"inLanguage\":\"en-US\",\"potentialAction\":[{\"@type\":\"ReadAction\",\"target\":[\"https:\/\/www.rcaaq.ca\/en\/\"]}]},{\"@type\":\"WebSite\",\"@id\":\"https:\/\/www.rcaaq.ca\/en\/#website\",\"url\":\"https:\/\/www.rcaaq.ca\/en\/\",\"name\":\"Regroupement des centres d'amiti\u00e9 autochtones du Qu\u00e9bec\",\"description\":\"\",\"alternateName\":\"RCAAQ\",\"potentialAction\":[{\"@type\":\"SearchAction\",\"target\":{\"@type\":\"EntryPoint\",\"urlTemplate\":\"https:\/\/www.rcaaq.ca\/en\/?s={search_term_string}\"},\"query-input\":{\"@type\":\"PropertyValueSpecification\",\"valueRequired\":true,\"valueName\":\"search_term_string\"}}],\"inLanguage\":\"en-US\"}]}<\/script>\n<!-- \/ Yoast SEO plugin. -->","yoast_head_json":{"title":"Home - rcaaq","robots":{"index":"index","follow":"follow","max-snippet":"max-snippet:-1","max-image-preview":"max-image-preview:large","max-video-preview":"max-video-preview:-1"},"canonical":"https:\/\/www.rcaaq.ca\/en\/","og_locale":"en_US","og_type":"article","og_title":"Home - rcaaq","og_url":"https:\/\/www.rcaaq.ca\/en\/","og_site_name":"rcaaq","article_modified_time":"2025-11-06T15:39:26+00:00","og_image":[{"width":1200,"height":675,"url":"https:\/\/www.rcaaq.ca\/wp-content\/uploads\/2025\/09\/Image_OG_1200x675.png","type":"image\/png"}],"twitter_card":"summary_large_image","schema":{"@context":"https:\/\/schema.org","@graph":[{"@type":"WebPage","@id":"https:\/\/www.rcaaq.ca\/en\/","url":"https:\/\/www.rcaaq.ca\/en\/","name":"Home - rcaaq","isPartOf":{"@id":"https:\/\/www.rcaaq.ca\/en\/#website"},"datePublished":"2025-07-30T20:45:31+00:00","dateModified":"2025-11-06T15:39:26+00:00","inLanguage":"en-US","potentialAction":[{"@type":"ReadAction","target":["https:\/\/www.rcaaq.ca\/en\/"]}]},{"@type":"WebSite","@id":"https:\/\/www.rcaaq.ca\/en\/#website","url":"https:\/\/www.rcaaq.ca\/en\/","name":"Regroupement des centres d'amiti\u00e9 autochtones du Qu\u00e9bec","description":"","alternateName":"RCAAQ","potentialAction":[{"@type":"SearchAction","target":{"@type":"EntryPoint","urlTemplate":"https:\/\/www.rcaaq.ca\/en\/?s={search_term_string}"},"query-input":{"@type":"PropertyValueSpecification","valueRequired":true,"valueName":"search_term_string"}}],"inLanguage":"en-US"}]}},"_links":{"self":[{"href":"https:\/\/www.rcaaq.ca\/en\/wp-json\/wp\/v2\/pages\/120","targetHints":{"allow":["GET"]}}],"collection":[{"href":"https:\/\/www.rcaaq.ca\/en\/wp-json\/wp\/v2\/pages"}],"about":[{"href":"https:\/\/www.rcaaq.ca\/en\/wp-json\/wp\/v2\/types\/page"}],"author":[{"embeddable":true,"href":"https:\/\/www.rcaaq.ca\/en\/wp-json\/wp\/v2\/users\/1"}],"replies":[{"embeddable":true,"href":"https:\/\/www.rcaaq.ca\/en\/wp-json\/wp\/v2\/comments?post=120"}],"version-history":[{"count":11,"href":"https:\/\/www.rcaaq.ca\/en\/wp-json\/wp\/v2\/pages\/120\/revisions"}],"predecessor-version":[{"id":4795,"href":"https:\/\/www.rcaaq.ca\/en\/wp-json\/wp\/v2\/pages\/120\/revisions\/4795"}],"wp:attachment":[{"href":"https:\/\/www.rcaaq.ca\/en\/wp-json\/wp\/v2\/media?parent=120"}],"curies":[{"name":"wp","href":"https:\/\/api.w.org\/{rel}","templated":true}]}}